{"id":271,"date":"2019-01-11T09:34:43","date_gmt":"2019-01-11T08:34:43","guid":{"rendered":"https:\/\/dittrich-hoerakustik.de\/?page_id=271"},"modified":"2020-02-20T10:30:08","modified_gmt":"2020-02-20T09:30:08","slug":"hoerverlust","status":"publish","type":"page","link":"https:\/\/hoerakustik-lehmann.de\/cl\/hoerverlust\/","title":{"rendered":"H\u00f6rverlust"},"content":{"rendered":"[mk_page_section bg_image=&#8220;https:\/\/hoerakustik-lehmann.de\/cl\/wp-content\/uploads\/2019\/12\/bgcyan.jpg&#8220; bg_color=&#8220;#1d75b1&#8243; bg_position=&#8220;center center&#8220; bg_repeat=&#8220;no-repeat&#8220; bg_stretch=&#8220;true&#8220; full_height=&#8220;true&#8220; skip_arrow=&#8220;true&#8220; sidebar=&#8220;sidebar-1&#8243;][vc_column][mk_fancy_title tag_name=&#8220;h1&#8243; color=&#8220;#ffffff&#8220; size=&#8220;90&#8243; force_font_size=&#8220;true&#8220; size_tablet=&#8220;50&#8243; size_phone=&#8220;40&#8243; font_weight=&#8220;400&#8243; txt_transform=&#8220;none&#8220; letter_spacing=&#8220;1&#8243; margin_bottom=&#8220;0&#8243; font_family=&#8220;Playfair+Display&#8220; font_type=&#8220;google&#8220; animation=&#8220;scale-up&#8220;]\n<p style=\"text-align: center;\">H\u00f6rverlust<br \/>\n&amp; H\u00f6rprobleme<\/p>\n[\/mk_fancy_title][mk_padding_divider size=&#8220;99&#8243; visibility=&#8220;hidden-sm&#8220;][\/vc_column][\/mk_page_section][vc_row fullwidth=&#8220;true&#8220;][vc_column][vc_single_image image=&#8220;274&#8243; img_size=&#8220;full&#8220;][mk_fancy_title color=&#8220;#000000&#8243; size=&#8220;12&#8243; force_font_size=&#8220;true&#8220; size_tablet=&#8220;7&#8243; size_phone=&#8220;7&#8243; font_weight=&#8220;300&#8243; txt_transform=&#8220;none&#8220; font_family=&#8220;none&#8220; align=&#8220;center&#8220;]Bildquelle: Hansaton[\/mk_fancy_title][\/vc_column][\/vc_row][mk_page_section vertical_align=&#8220;center&#8220; bg_position=&#8220;center top&#8220; bg_repeat=&#8220;repeat-x&#8220; top_shape_color=&#8220;#1d75b1&#8243; sidebar=&#8220;sidebar-1&#8243;][vc_column][vc_row_inner is_fullwidth_content=&#8220;false&#8220;][vc_column_inner width=&#8220;1\/2&#8243;][mk_padding_divider size=&#8220;60&#8243; visibility=&#8220;hidden-sm&#8220;][mk_fancy_title tag_name=&#8220;h3&#8243; color=&#8220;#000000&#8243; size=&#8220;42&#8243; force_font_size=&#8220;true&#8220; size_tablet=&#8220;30&#8243; size_phone=&#8220;25&#8243; font_weight=&#8220;400&#8243; txt_transform=&#8220;none&#8220; font_family=&#8220;Playfair+Display&#8220; font_type=&#8220;google&#8220;]H\u00f6rverlust erkennen<br \/>\nund verstehen[\/mk_fancy_title][mk_fancy_title color=&#8220;#000000&#8243; size=&#8220;24&#8243; force_font_size=&#8220;true&#8220; size_tablet=&#8220;30&#8243; size_phone=&#8220;18&#8243; font_weight=&#8220;300&#8243; txt_transform=&#8220;none&#8220; font_family=&#8220;none&#8220;]Fast jeder sechste Deutsche leidet unter einem H\u00f6rverlust \u2013 das entspricht ungef\u00e4hr 14 Millionen Menschen in Deutschland. Wird eine Schwerh\u00f6rigkeit nicht behandelt, kann das Geh\u00f6r bleibende Sch\u00e4den nehmen, die sich nicht mehr beheben lassen. Zum Gl\u00fcck gibt es H\u00f6rger\u00e4te, die Sie wieder besser h\u00f6ren lassen und noch viele weitere positive Effekte haben.<br \/>\nH\u00f6rger\u00e4tetr\u00e4ger sind beispielsweise weniger m\u00fcde und sind nachweislich ausgeglichener.<\/p>\n<p>Au\u00dferdem verringern H\u00f6rger\u00e4te das Risiko einer Demenzerkrankung um durchschnittlich 40%.<br \/>\nBesuchen Sie uns daher bei Verdacht eines H\u00f6rverlusts in einer unserer Filialen.<br \/>\nHier k\u00f6nnen wir mit Ihnen eine unverbindliche H\u00f6ranalyse durchf\u00fchren und herausfinden, ob Ihnen ein H\u00f6rger\u00e4t helfen kann.<\/p>\n<p>Wir freuen uns auf Sie.[\/mk_fancy_title][\/vc_column_inner][vc_column_inner width=&#8220;1\/2&#8243;][mk_padding_divider size=&#8220;103&#8243; visibility=&#8220;hidden-sm&#8220;][vc_single_image image=&#8220;218&#8243; img_size=&#8220;full&#8220;][mk_padding_divider size=&#8220;64&#8243; visibility=&#8220;hidden-sm&#8220;][mk_button dimension=&#8220;flat&#8220; size=&#8220;x-large&#8220; letter_spacing=&#8220;1&#8243; url=&#8220;https:\/\/hoerakustik-lehmann.de\/cl\/online-schnell-hoertest\/&#8220; align=&#8220;center&#8220; btn_hover_bg=&#8220;#515151&#8243; btn_hover_txt_color=&#8220;#ffffff&#8220;]Machen Sie den Online Schnell-H\u00f6rtest \u00bb[\/mk_button][\/vc_column_inner][\/vc_row_inner][mk_padding_divider size=&#8220;60&#8243;][\/vc_column][\/mk_page_section][vc_row fullwidth=&#8220;true&#8220;][vc_column][vc_single_image image=&#8220;276&#8243; img_size=&#8220;full&#8220;][\/vc_column][\/vc_row][vc_row][vc_column][vc_row_inner is_fullwidth_content=&#8220;false&#8220;][vc_column_inner width=&#8220;1\/2&#8243;][mk_padding_divider size=&#8220;60&#8243;][mk_fancy_title tag_name=&#8220;h3&#8243; color=&#8220;#000000&#8243; size=&#8220;42&#8243; force_font_size=&#8220;true&#8220; size_tablet=&#8220;30&#8243; size_phone=&#8220;25&#8243; font_weight=&#8220;400&#8243; txt_transform=&#8220;none&#8220; font_family=&#8220;Playfair+Display&#8220; font_type=&#8220;google&#8220;]Wie h\u00f6ren wir eigentlich?[\/mk_fancy_title][mk_fancy_title color=&#8220;#000000&#8243; size=&#8220;24&#8243; force_font_size=&#8220;true&#8220; size_tablet=&#8220;30&#8243; size_phone=&#8220;18&#8243; font_weight=&#8220;300&#8243; txt_transform=&#8220;none&#8220; font_family=&#8220;none&#8220;]Das Geh\u00f6r ist einer der wichtigsten Sinne des Menschen. Es ist nicht nur f\u00fcr das H\u00f6ren von Ger\u00e4uschen, Stimmen und T\u00f6nen zust\u00e4ndig, sondern steuert auch gleichzeitig unseren Gleichgewichtssinn. Unser Geh\u00f6r erlaubt es uns damit aktiv am Leben teilzunehmen. Au\u00dferdem ist es unser wichtigstes Kommunikationsmittel.<\/p>\n<p><strong>Doch wie funktioniert das eigentlich?<\/strong><br \/>\nDer Geh\u00f6rgang leitet den Schall zum Trommelfell, welches den Schall in Schwingungen umwandelt.<br \/>\nDie Schwingungen werden \u00fcber die Geh\u00f6rkn\u00f6chelchen, zum Innenohr, in dem sich Fl\u00fcssigkeit und Haarsinneszellen befinden, \u00fcbertragen.<br \/>\nWerden die Haarsinneszellen in Bewegung versetzt, wird ein Sinnesreiz ausgel\u00f6st.<br \/>\nAnschlie\u00dfend erfolgt die Weiterleitung des Sinnesreizes zum Gehirn \u00fcber den H\u00f6rnerv.[\/mk_fancy_title][\/vc_column_inner][vc_column_inner width=&#8220;1\/2&#8243;][mk_padding_divider size=&#8220;171&#8243; visibility=&#8220;hidden-sm&#8220;][vc_single_image image=&#8220;278&#8243; img_size=&#8220;full&#8220;][mk_padding_divider size=&#8220;64&#8243; visibility=&#8220;hidden-sm&#8220;][mk_button dimension=&#8220;flat&#8220; size=&#8220;x-large&#8220; letter_spacing=&#8220;1&#8243; url=&#8220;https:\/\/hoerakustik-lehmann.de\/cl\/kontakt#beratung&#8220; align=&#8220;center&#8220; btn_hover_bg=&#8220;#515151&#8243; btn_hover_txt_color=&#8220;#ffffff&#8220;]Vereinbaren Sie direkt Ihren Beratungstermin \u00bb[\/mk_button][\/vc_column_inner][\/vc_row_inner][\/vc_column][\/vc_row][vc_row][vc_column][mk_padding_divider size=&#8220;120&#8243;][\/vc_column][\/vc_row]\n","protected":false},"excerpt":{"rendered":"<p>[mk_page_section bg_image=&#8220;https:\/\/hoerakustik-lehmann.de\/cl\/wp-content\/uploads\/2019\/12\/bgcyan.jpg&#8220; bg_color=&#8220;#1d75b1&#8243; bg_position=&#8220;center center&#8220; bg_repeat=&#8220;no-repeat&#8220; bg_stretch=&#8220;true&#8220; full_height=&#8220;true&#8220; skip_arrow=&#8220;true&#8220; sidebar=&#8220;sidebar-1&#8243;][vc_column][mk_fancy_title tag_name=&#8220;h1&#8243; color=&#8220;#ffffff&#8220; size=&#8220;90&#8243; force_font_size=&#8220;true&#8220; size_tablet=&#8220;50&#8243; size_phone=&#8220;40&#8243; font_weight=&#8220;400&#8243; txt_transform=&#8220;none&#8220; letter_spacing=&#8220;1&#8243; margin_bottom=&#8220;0&#8243; font_family=&#8220;Playfair+Display&#8220; font_type=&#8220;google&#8220; animation=&#8220;scale-up&#8220;] H\u00f6rverlust &amp; H\u00f6rprobleme [\/mk_fancy_title][mk_padding_divider size=&#8220;99&#8243; visibility=&#8220;hidden-sm&#8220;][\/vc_column][\/mk_page_section][vc_row fullwidth=&#8220;true&#8220;][vc_column][vc_single_image image=&#8220;274&#8243; img_size=&#8220;full&#8220;][mk_fancy_title color=&#8220;#000000&#8243; size=&#8220;12&#8243; force_font_size=&#8220;true&#8220; size_tablet=&#8220;7&#8243; size_phone=&#8220;7&#8243; font_weight=&#8220;300&#8243; txt_transform=&#8220;none&#8220; font_family=&#8220;none&#8220; align=&#8220;center&#8220;]Bildquelle: Hansaton[\/mk_fancy_title][\/vc_column][\/vc_row][mk_page_section vertical_align=&#8220;center&#8220; bg_position=&#8220;center top&#8220; bg_repeat=&#8220;repeat-x&#8220; top_shape_color=&#8220;#1d75b1&#8243; sidebar=&#8220;sidebar-1&#8243;][vc_column][vc_row_inner is_fullwidth_content=&#8220;false&#8220;][vc_column_inner width=&#8220;1\/2&#8243;][mk_padding_divider size=&#8220;60&#8243; visibility=&#8220;hidden-sm&#8220;][mk_fancy_title tag_name=&#8220;h3&#8243; color=&#8220;#000000&#8243; size=&#8220;42&#8243; [&hellip;]<\/p>\n","protected":false},"author":1,"featured_media":0,"parent":0,"menu_order":0,"comment_status":"closed","ping_status":"closed","template":"","meta":{"_mi_skip_tracking":false,"_monsterinsights_sitenote_active":false,"_monsterinsights_sitenote_note":"","_monsterinsights_sitenote_category":0,"footnotes":""},"class_list":["post-271","page","type-page","status-publish","hentry"],"yoast_head":"<!-- This site is optimized with the Yoast SEO plugin v25.3.1 - https:\/\/yoast.com\/wordpress\/plugins\/seo\/ -->\n<title>H\u00f6rverlust - H\u00f6rger\u00e4te in Berlin - H\u00f6rakustik Lehmann<\/title>\n<meta name=\"robots\" content=\"index, follow, max-snippet:-1, max-image-preview:large, max-video-preview:-1\" \/>\n<link rel=\"canonical\" href=\"https:\/\/hoerakustik-lehmann.de\/cl\/hoerverlust\/\" \/>\n<meta property=\"og:locale\" content=\"de_DE\" \/>\n<meta property=\"og:type\" content=\"article\" \/>\n<meta property=\"og:title\" content=\"H\u00f6rverlust - H\u00f6rger\u00e4te in Berlin - H\u00f6rakustik Lehmann\" \/>\n<meta property=\"og:description\" content=\"[mk_page_section bg_image=&#8220;https:\/\/hoerakustik-lehmann.de\/cl\/wp-content\/uploads\/2019\/12\/bgcyan.jpg&#8220; bg_color=&#8220;#1d75b1&#8243; bg_position=&#8220;center center&#8220; bg_repeat=&#8220;no-repeat&#8220; bg_stretch=&#8220;true&#8220; full_height=&#8220;true&#8220; skip_arrow=&#8220;true&#8220; sidebar=&#8220;sidebar-1&#8243;][vc_column][mk_fancy_title tag_name=&#8220;h1&#8243; color=&#8220;#ffffff&#8220; size=&#8220;90&#8243; force_font_size=&#8220;true&#8220; size_tablet=&#8220;50&#8243; size_phone=&#8220;40&#8243; font_weight=&#8220;400&#8243; txt_transform=&#8220;none&#8220; letter_spacing=&#8220;1&#8243; margin_bottom=&#8220;0&#8243; font_family=&#8220;Playfair+Display&#8220; font_type=&#8220;google&#8220; animation=&#8220;scale-up&#8220;] H\u00f6rverlust &amp; H\u00f6rprobleme [\/mk_fancy_title][mk_padding_divider size=&#8220;99&#8243; visibility=&#8220;hidden-sm&#8220;][\/vc_column][\/mk_page_section][vc_row fullwidth=&#8220;true&#8220;][vc_column][vc_single_image image=&#8220;274&#8243; img_size=&#8220;full&#8220;][mk_fancy_title color=&#8220;#000000&#8243; size=&#8220;12&#8243; force_font_size=&#8220;true&#8220; size_tablet=&#8220;7&#8243; size_phone=&#8220;7&#8243; font_weight=&#8220;300&#8243; txt_transform=&#8220;none&#8220; font_family=&#8220;none&#8220; align=&#8220;center&#8220;]Bildquelle: Hansaton[\/mk_fancy_title][\/vc_column][\/vc_row][mk_page_section vertical_align=&#8220;center&#8220; bg_position=&#8220;center top&#8220; bg_repeat=&#8220;repeat-x&#8220; top_shape_color=&#8220;#1d75b1&#8243; sidebar=&#8220;sidebar-1&#8243;][vc_column][vc_row_inner is_fullwidth_content=&#8220;false&#8220;][vc_column_inner width=&#8220;1\/2&#8243;][mk_padding_divider size=&#8220;60&#8243; visibility=&#8220;hidden-sm&#8220;][mk_fancy_title tag_name=&#8220;h3&#8243; color=&#8220;#000000&#8243; size=&#8220;42&#8243; [&hellip;]\" \/>\n<meta property=\"og:url\" content=\"https:\/\/hoerakustik-lehmann.de\/cl\/hoerverlust\/\" \/>\n<meta property=\"og:site_name\" content=\"H\u00f6rger\u00e4te in Berlin - H\u00f6rakustik Lehmann\" \/>\n<meta property=\"article:modified_time\" content=\"2020-02-20T09:30:08+00:00\" \/>\n<meta name=\"twitter:card\" content=\"summary_large_image\" \/>\n<meta name=\"twitter:label1\" content=\"Gesch\u00e4tzte Lesezeit\" \/>\n\t<meta name=\"twitter:data1\" content=\"4\u00a0Minuten\" \/>\n<script type=\"application\/ld+json\" class=\"yoast-schema-graph\">{\"@context\":\"https:\/\/schema.org\",\"@graph\":[{\"@type\":\"WebPage\",\"@id\":\"https:\/\/hoerakustik-lehmann.de\/cl\/hoerverlust\/\",\"url\":\"https:\/\/hoerakustik-lehmann.de\/cl\/hoerverlust\/\",\"name\":\"H\u00f6rverlust - H\u00f6rger\u00e4te in Berlin - H\u00f6rakustik Lehmann\",\"isPartOf\":{\"@id\":\"https:\/\/hoerakustik-lehmann.de\/cl\/#website\"},\"datePublished\":\"2019-01-11T08:34:43+00:00\",\"dateModified\":\"2020-02-20T09:30:08+00:00\",\"breadcrumb\":{\"@id\":\"https:\/\/hoerakustik-lehmann.de\/cl\/hoerverlust\/#breadcrumb\"},\"inLanguage\":\"de\",\"potentialAction\":[{\"@type\":\"ReadAction\",\"target\":[\"https:\/\/hoerakustik-lehmann.de\/cl\/hoerverlust\/\"]}]},{\"@type\":\"BreadcrumbList\",\"@id\":\"https:\/\/hoerakustik-lehmann.de\/cl\/hoerverlust\/#breadcrumb\",\"itemListElement\":[{\"@type\":\"ListItem\",\"position\":1,\"name\":\"Startseite\",\"item\":\"https:\/\/hoerakustik-lehmann.de\/cl\/\"},{\"@type\":\"ListItem\",\"position\":2,\"name\":\"H\u00f6rverlust\"}]},{\"@type\":\"WebSite\",\"@id\":\"https:\/\/hoerakustik-lehmann.de\/cl\/#website\",\"url\":\"https:\/\/hoerakustik-lehmann.de\/cl\/\",\"name\":\"H\u00f6rger\u00e4te in Berlin - H\u00f6rakustik Lehmann\",\"description\":\"H\u00f6r-Beratung, H\u00f6rger\u00e4te und Zubeh\u00f6r\",\"publisher\":{\"@id\":\"https:\/\/hoerakustik-lehmann.de\/cl\/#organization\"},\"potentialAction\":[{\"@type\":\"SearchAction\",\"target\":{\"@type\":\"EntryPoint\",\"urlTemplate\":\"https:\/\/hoerakustik-lehmann.de\/cl\/?s={search_term_string}\"},\"query-input\":{\"@type\":\"PropertyValueSpecification\",\"valueRequired\":true,\"valueName\":\"search_term_string\"}}],\"inLanguage\":\"de\"},{\"@type\":[\"Organization\",\"Place\",\"LocalBusiness\"],\"@id\":\"https:\/\/hoerakustik-lehmann.de\/cl\/#organization\",\"name\":\"H\u00f6rakustik Lehmann\",\"url\":\"https:\/\/hoerakustik-lehmann.de\/cl\/\",\"logo\":{\"@id\":\"https:\/\/hoerakustik-lehmann.de\/cl\/hoerverlust\/#local-main-organization-logo\"},\"image\":{\"@id\":\"https:\/\/hoerakustik-lehmann.de\/cl\/hoerverlust\/#local-main-organization-logo\"},\"address\":{\"@id\":\"https:\/\/hoerakustik-lehmann.de\/cl\/hoerverlust\/#local-main-place-address\"},\"telephone\":[\"Tel. 030 \u2013 209 53 833\"],\"openingHoursSpecification\":[{\"@type\":\"OpeningHoursSpecification\",\"dayOfWeek\":[\"Monday\",\"Tuesday\",\"Wednesday\",\"Thursday\"],\"opens\":\"09:00\",\"closes\":\"18:00\"},{\"@type\":\"OpeningHoursSpecification\",\"dayOfWeek\":[\"Friday\"],\"opens\":\"09:00\",\"closes\":\"13:00\"},{\"@type\":\"OpeningHoursSpecification\",\"dayOfWeek\":[\"Saturday\",\"Sunday\"],\"opens\":\"00:00\",\"closes\":\"00:00\"}],\"email\":\"info@hoerakustik-lehmann.de\"},{\"@type\":\"PostalAddress\",\"@id\":\"https:\/\/hoerakustik-lehmann.de\/cl\/hoerverlust\/#local-main-place-address\",\"streetAddress\":\"D\u00f6rpfeldstr. 36\",\"addressLocality\":\"Berlin\",\"postalCode\":\"12489\",\"addressCountry\":\"DE\"},{\"@type\":\"ImageObject\",\"inLanguage\":\"de\",\"@id\":\"https:\/\/hoerakustik-lehmann.de\/cl\/hoerverlust\/#local-main-organization-logo\",\"url\":\"https:\/\/hoerakustik-lehmann.de\/cl\/wp-content\/uploads\/2020\/02\/logo2.png\",\"contentUrl\":\"https:\/\/hoerakustik-lehmann.de\/cl\/wp-content\/uploads\/2020\/02\/logo2.png\",\"width\":579,\"height\":181,\"caption\":\"H\u00f6rakustik Lehmann\"}]}<\/script>\n<meta name=\"geo.placename\" content=\"Berlin\" \/>\n<meta name=\"geo.region\" content=\"Deutschland\" \/>\n<!-- \/ Yoast SEO plugin. -->","yoast_head_json":{"title":"H\u00f6rverlust - H\u00f6rger\u00e4te in Berlin - H\u00f6rakustik Lehmann","robots":{"index":"index","follow":"follow","max-snippet":"max-snippet:-1","max-image-preview":"max-image-preview:large","max-video-preview":"max-video-preview:-1"},"canonical":"https:\/\/hoerakustik-lehmann.de\/cl\/hoerverlust\/","og_locale":"de_DE","og_type":"article","og_title":"H\u00f6rverlust - H\u00f6rger\u00e4te in Berlin - H\u00f6rakustik Lehmann","og_description":"[mk_page_section bg_image=&#8220;https:\/\/hoerakustik-lehmann.de\/cl\/wp-content\/uploads\/2019\/12\/bgcyan.jpg&#8220; bg_color=&#8220;#1d75b1&#8243; bg_position=&#8220;center center&#8220; bg_repeat=&#8220;no-repeat&#8220; bg_stretch=&#8220;true&#8220; full_height=&#8220;true&#8220; skip_arrow=&#8220;true&#8220; sidebar=&#8220;sidebar-1&#8243;][vc_column][mk_fancy_title tag_name=&#8220;h1&#8243; color=&#8220;#ffffff&#8220; size=&#8220;90&#8243; force_font_size=&#8220;true&#8220; size_tablet=&#8220;50&#8243; size_phone=&#8220;40&#8243; font_weight=&#8220;400&#8243; txt_transform=&#8220;none&#8220; letter_spacing=&#8220;1&#8243; margin_bottom=&#8220;0&#8243; font_family=&#8220;Playfair+Display&#8220; font_type=&#8220;google&#8220; animation=&#8220;scale-up&#8220;] H\u00f6rverlust &amp; H\u00f6rprobleme [\/mk_fancy_title][mk_padding_divider size=&#8220;99&#8243; visibility=&#8220;hidden-sm&#8220;][\/vc_column][\/mk_page_section][vc_row fullwidth=&#8220;true&#8220;][vc_column][vc_single_image image=&#8220;274&#8243; img_size=&#8220;full&#8220;][mk_fancy_title color=&#8220;#000000&#8243; size=&#8220;12&#8243; force_font_size=&#8220;true&#8220; size_tablet=&#8220;7&#8243; size_phone=&#8220;7&#8243; font_weight=&#8220;300&#8243; txt_transform=&#8220;none&#8220; font_family=&#8220;none&#8220; align=&#8220;center&#8220;]Bildquelle: Hansaton[\/mk_fancy_title][\/vc_column][\/vc_row][mk_page_section vertical_align=&#8220;center&#8220; bg_position=&#8220;center top&#8220; bg_repeat=&#8220;repeat-x&#8220; top_shape_color=&#8220;#1d75b1&#8243; sidebar=&#8220;sidebar-1&#8243;][vc_column][vc_row_inner is_fullwidth_content=&#8220;false&#8220;][vc_column_inner width=&#8220;1\/2&#8243;][mk_padding_divider size=&#8220;60&#8243; visibility=&#8220;hidden-sm&#8220;][mk_fancy_title tag_name=&#8220;h3&#8243; color=&#8220;#000000&#8243; size=&#8220;42&#8243; [&hellip;]","og_url":"https:\/\/hoerakustik-lehmann.de\/cl\/hoerverlust\/","og_site_name":"H\u00f6rger\u00e4te in Berlin - H\u00f6rakustik Lehmann","article_modified_time":"2020-02-20T09:30:08+00:00","twitter_card":"summary_large_image","twitter_misc":{"Gesch\u00e4tzte Lesezeit":"4\u00a0Minuten"},"schema":{"@context":"https:\/\/schema.org","@graph":[{"@type":"WebPage","@id":"https:\/\/hoerakustik-lehmann.de\/cl\/hoerverlust\/","url":"https:\/\/hoerakustik-lehmann.de\/cl\/hoerverlust\/","name":"H\u00f6rverlust - H\u00f6rger\u00e4te in Berlin - H\u00f6rakustik Lehmann","isPartOf":{"@id":"https:\/\/hoerakustik-lehmann.de\/cl\/#website"},"datePublished":"2019-01-11T08:34:43+00:00","dateModified":"2020-02-20T09:30:08+00:00","breadcrumb":{"@id":"https:\/\/hoerakustik-lehmann.de\/cl\/hoerverlust\/#breadcrumb"},"inLanguage":"de","potentialAction":[{"@type":"ReadAction","target":["https:\/\/hoerakustik-lehmann.de\/cl\/hoerverlust\/"]}]},{"@type":"BreadcrumbList","@id":"https:\/\/hoerakustik-lehmann.de\/cl\/hoerverlust\/#breadcrumb","itemListElement":[{"@type":"ListItem","position":1,"name":"Startseite","item":"https:\/\/hoerakustik-lehmann.de\/cl\/"},{"@type":"ListItem","position":2,"name":"H\u00f6rverlust"}]},{"@type":"WebSite","@id":"https:\/\/hoerakustik-lehmann.de\/cl\/#website","url":"https:\/\/hoerakustik-lehmann.de\/cl\/","name":"H\u00f6rger\u00e4te in Berlin - H\u00f6rakustik Lehmann","description":"H\u00f6r-Beratung, H\u00f6rger\u00e4te und Zubeh\u00f6r","publisher":{"@id":"https:\/\/hoerakustik-lehmann.de\/cl\/#organization"},"potentialAction":[{"@type":"SearchAction","target":{"@type":"EntryPoint","urlTemplate":"https:\/\/hoerakustik-lehmann.de\/cl\/?s={search_term_string}"},"query-input":{"@type":"PropertyValueSpecification","valueRequired":true,"valueName":"search_term_string"}}],"inLanguage":"de"},{"@type":["Organization","Place","LocalBusiness"],"@id":"https:\/\/hoerakustik-lehmann.de\/cl\/#organization","name":"H\u00f6rakustik Lehmann","url":"https:\/\/hoerakustik-lehmann.de\/cl\/","logo":{"@id":"https:\/\/hoerakustik-lehmann.de\/cl\/hoerverlust\/#local-main-organization-logo"},"image":{"@id":"https:\/\/hoerakustik-lehmann.de\/cl\/hoerverlust\/#local-main-organization-logo"},"address":{"@id":"https:\/\/hoerakustik-lehmann.de\/cl\/hoerverlust\/#local-main-place-address"},"telephone":["Tel. 030 \u2013 209 53 833"],"openingHoursSpecification":[{"@type":"OpeningHoursSpecification","dayOfWeek":["Monday","Tuesday","Wednesday","Thursday"],"opens":"09:00","closes":"18:00"},{"@type":"OpeningHoursSpecification","dayOfWeek":["Friday"],"opens":"09:00","closes":"13:00"},{"@type":"OpeningHoursSpecification","dayOfWeek":["Saturday","Sunday"],"opens":"00:00","closes":"00:00"}],"email":"info@hoerakustik-lehmann.de"},{"@type":"PostalAddress","@id":"https:\/\/hoerakustik-lehmann.de\/cl\/hoerverlust\/#local-main-place-address","streetAddress":"D\u00f6rpfeldstr. 36","addressLocality":"Berlin","postalCode":"12489","addressCountry":"DE"},{"@type":"ImageObject","inLanguage":"de","@id":"https:\/\/hoerakustik-lehmann.de\/cl\/hoerverlust\/#local-main-organization-logo","url":"https:\/\/hoerakustik-lehmann.de\/cl\/wp-content\/uploads\/2020\/02\/logo2.png","contentUrl":"https:\/\/hoerakustik-lehmann.de\/cl\/wp-content\/uploads\/2020\/02\/logo2.png","width":579,"height":181,"caption":"H\u00f6rakustik Lehmann"}]},"geo.placename":"Berlin","geo.region":"Deutschland"},"_links":{"self":[{"href":"https:\/\/hoerakustik-lehmann.de\/cl\/wp-json\/wp\/v2\/pages\/271"}],"collection":[{"href":"https:\/\/hoerakustik-lehmann.de\/cl\/wp-json\/wp\/v2\/pages"}],"about":[{"href":"https:\/\/hoerakustik-lehmann.de\/cl\/wp-json\/wp\/v2\/types\/page"}],"author":[{"embeddable":true,"href":"https:\/\/hoerakustik-lehmann.de\/cl\/wp-json\/wp\/v2\/users\/1"}],"replies":[{"embeddable":true,"href":"https:\/\/hoerakustik-lehmann.de\/cl\/wp-json\/wp\/v2\/comments?post=271"}],"version-history":[{"count":7,"href":"https:\/\/hoerakustik-lehmann.de\/cl\/wp-json\/wp\/v2\/pages\/271\/revisions"}],"predecessor-version":[{"id":648,"href":"https:\/\/hoerakustik-lehmann.de\/cl\/wp-json\/wp\/v2\/pages\/271\/revisions\/648"}],"wp:attachment":[{"href":"https:\/\/hoerakustik-lehmann.de\/cl\/wp-json\/wp\/v2\/media?parent=271"}],"curies":[{"name":"wp","href":"https:\/\/api.w.org\/{rel}","templated":true}]}}