{"id":1023,"date":"2023-05-24T14:09:48","date_gmt":"2023-05-24T12:09:48","guid":{"rendered":"https:\/\/hoerakustik-lehmann.de\/cl\/?page_id=1023"},"modified":"2023-05-24T15:13:30","modified_gmt":"2023-05-24T13:13:30","slug":"nulltarif","status":"publish","type":"page","link":"https:\/\/hoerakustik-lehmann.de\/cl\/nulltarif\/","title":{"rendered":"Nulltarif"},"content":{"rendered":"[mk_page_section bg_image=&#8220;https:\/\/hoerakustik-lehmann.de\/cl\/wp-content\/uploads\/2023\/05\/so.jpg&#8220; bg_position=&#8220;center center&#8220; bg_repeat=&#8220;no-repeat&#8220; bg_stretch=&#8220;true&#8220; video_color_mask=&#8220;rgba(0,0,0,0.77)&#8220; min_height=&#8220;799&#8243; skip_arrow=&#8220;true&#8220; sidebar=&#8220;sidebar-1&#8243;][vc_column][mk_padding_divider size=&#8220;321&#8243; visibility=&#8220;hidden-sm&#8220;][mk_fancy_title size=&#8220;100&#8243; line_height=&#8220;&#8220; font_family=&#8220;none&#8220;]<span style=\"color: #c95757;\"><span style=\"color: #ffffff;\">Markenho\u0308rgera\u0308te<br \/>\n<\/span><\/span><span style=\"color: #c95757;\"><span style=\"color: #ffffff;\">ohne Zuzahlung!<\/span> <\/span>[\/mk_fancy_title][\/vc_column][\/mk_page_section][vc_row][vc_column][mk_padding_divider size=&#8220;60&#8243;][mk_fancy_title size=&#8220;40&#8243; margin_bottom=&#8220;0&#8243; font_family=&#8220;none&#8220;]H\u00f6rger\u00e4te zum Nulltarif* &#8211; Qualit\u00e4t, Komfort und ma\u00dfgeschneiderte L\u00f6sungen f\u00fcr jedes Budget[\/mk_fancy_title][mk_fancy_title size=&#8220;22&#8243; font_weight=&#8220;300&#8243; margin_bottom=&#8220;0&#8243; font_family=&#8220;none&#8220;]Bei H\u00f6rakustik Kornelia Lehmann finden Sie eine vielf\u00e4ltige Auswahl an H\u00f6rger\u00e4ten, die f\u00fcr jedes Budget geeignet sind. Unsere Mission ist es, sicherzustellen, dass jeder die M\u00f6glichkeit hat, von einer verbesserten H\u00f6rqualit\u00e4t zu profitieren, unabh\u00e4ngig von finanziellen Einschr\u00e4nkungen. Daher bieten wir auch H\u00f6rger\u00e4te zum Nulltarif an.[\/mk_fancy_title][mk_padding_divider size=&#8220;60&#8243;][\/vc_column][\/vc_row][vc_row fullwidth=&#8220;true&#8220; fullwidth_content=&#8220;false&#8220; css=&#8220;.vc_custom_1679562439765{background-color: #efefef !important;}&#8220;][vc_column width=&#8220;1\/2&#8243;][mk_padding_divider size=&#8220;60&#8243;][mk_fancy_title size=&#8220;22&#8243; font_weight=&#8220;300&#8243; margin_bottom=&#8220;0&#8243; font_family=&#8220;none&#8220;]\n<div class=\"kleo_text_column wpb_text_column wpb_content_element \">\n<div class=\"wpb_wrapper\">\n<p><strong>Ja, Sie haben richtig geh\u00f6rt &#8211; es gibt tats\u00e4chlich H\u00f6rger\u00e4te zum Nulltarif. <\/strong><\/p>\n<\/div>\n<\/div>\n<div class=\"kleo_text_column wpb_text_column wpb_content_element \">\n<div class=\"wpb_wrapper\">\n<div class=\"editorial-content\">\n<p>Durch den Fortschritt in der H\u00f6rger\u00e4tetechnologie k\u00f6nnen wir erschwingliche Optionen anbieten, ohne dabei an Leistung und Qualit\u00e4t zu sparen. Diese H\u00f6rger\u00e4te bieten moderne Technologie und viele der gleichen Vorteile wie teurere Modelle. Sie k\u00f6nnen fortschrittliche Signalverarbeitung, Rauschunterdr\u00fcckung, Richtmikrofon-Systeme und drahtlose Konnektivit\u00e4t erwarten.<\/p>\n<p><strong>Wenn Sie Anspruch auf eine H\u00f6rger\u00e4teversorgung haben<\/strong> und eine \u00e4rztliche Verordnung vorlegen k\u00f6nnen, \u00fcbernimmt die gesetzliche Krankenversicherung in der Regel die Kosten f\u00fcr H\u00f6rger\u00e4te. Hierbei f\u00e4llt dann lediglich eine <strong>gesetzlich vorgeschriebene Zuzahlung in H\u00f6he von 10,- \u20ac pro H\u00f6rger\u00e4t<\/strong> an. Privatversicherte k\u00f6nnen H\u00f6rger\u00e4te der Basisklasse zum Preis von 780,- \u20ac erwerben.<\/p>\n<p>Unsere erfahrenen H\u00f6rakustiker stehen Ihnen zur Seite, um Sie \u00fcber die M\u00f6glichkeiten der Krankenkassenleistungen zu informieren und Ihnen bei der Abwicklung zu helfen.<\/p>\n<\/div>\n<\/div>\n<\/div>\n[\/mk_fancy_title][mk_padding_divider size=&#8220;60&#8243;][\/vc_column][vc_column width=&#8220;1\/2&#8243;][mk_padding_divider size=&#8220;60&#8243;][mk_padding_divider size=&#8220;60&#8243;][vc_single_image image=&#8220;1033&#8243; img_size=&#8220;full&#8220;][mk_padding_divider size=&#8220;39&#8243;][\/vc_column][\/vc_row][vc_row fullwidth=&#8220;true&#8220; fullwidth_content=&#8220;false&#8220;][vc_column width=&#8220;1\/2&#8243;][mk_padding_divider size=&#8220;60&#8243;][mk_fancy_title size=&#8220;22&#8243; font_weight=&#8220;300&#8243; margin_bottom=&#8220;0&#8243; font_family=&#8220;none&#8220;]\n<div class=\"kleo_text_column wpb_text_column wpb_content_element \">\n<div class=\"wpb_wrapper\">\n<div class=\"editorial-content\">\n<p><strong>H\u00f6rger\u00e4te zum Nulltarif<\/strong> sind besonders f\u00fcr Menschen mit leichtem bis moderatem H\u00f6rverlust geeignet, die Schwierigkeiten haben, Gespr\u00e4che in lauten Umgebungen zu verstehen oder leise Ger\u00e4usche wahrzunehmen. Unsere qualifizierten H\u00f6rakustiker f\u00fchren eine umfassende H\u00f6rpr\u00fcfung durch, um Ihren individuellen H\u00f6rverlust zu bewerten und Ihnen die besten Optionen zu empfehlen.<\/p>\n<\/div>\n<\/div>\n<\/div>\n[\/mk_fancy_title][mk_padding_divider size=&#8220;60&#8243;][\/vc_column][vc_column width=&#8220;1\/2&#8243;][mk_padding_divider size=&#8220;60&#8243;][mk_padding_divider size=&#8220;60&#8243;][vc_single_image image=&#8220;1034&#8243; img_size=&#8220;full&#8220;][\/vc_column][\/vc_row][vc_row fullwidth=&#8220;true&#8220; fullwidth_content=&#8220;false&#8220; css=&#8220;.vc_custom_1679562439765{background-color: #efefef !important;}&#8220;][vc_column width=&#8220;1\/2&#8243;][mk_padding_divider size=&#8220;60&#8243;][mk_fancy_title size=&#8220;22&#8243; font_weight=&#8220;300&#8243; margin_bottom=&#8220;0&#8243; font_family=&#8220;none&#8220;]\n<div class=\"wpb_text_column wpb_content_element \">\n<div class=\"wpb_wrapper\">\n<h3>Breite Palette von H\u00f6rsystemen in verschiedenen Preisklassen<\/h3>\n<p>Neben H\u00f6rger\u00e4ten zum Nulltarif bieten wir auch eine breite Palette von H\u00f6rsystemen in verschiedenen Preisklassen an, einschlie\u00dflich High-End-Ger\u00e4ten f\u00fcr Kunden, die zus\u00e4tzlichen Komfort und maximale Leistung w\u00fcnschen. Unsere H\u00f6rakustiker sind bestens geschult, um Sie bei der Auswahl des f\u00fcr Sie passenden H\u00f6rger\u00e4ts zu unterst\u00fctzen.<\/p>\n<p>Bei uns stehen Qualit\u00e4t, Kundenzufriedenheit und die Verbesserung Ihrer Lebensqualit\u00e4t im Mittelpunkt. Vereinbaren Sie noch heute einen Termin, um die passende L\u00f6sung f\u00fcr Ihre individuellen Bed\u00fcrfnisse zu finden.<\/p>\n<\/div>\n<\/div>\n[\/mk_fancy_title][mk_padding_divider size=&#8220;60&#8243;][mk_button dimension=&#8220;flat&#8220; size=&#8220;xx-large&#8220; letter_spacing=&#8220;1&#8243; url=&#8220;https:\/\/hoerakustik-lehmann.de\/cl\/kontakt#beratung&#8220; button_custom_width=&#8220;304&#8243;]Hier online Termin vereinbaren![\/mk_button][\/vc_column][vc_column width=&#8220;1\/2&#8243;][mk_padding_divider size=&#8220;60&#8243;][mk_padding_divider size=&#8220;60&#8243;][vc_single_image image=&#8220;1004&#8243; img_size=&#8220;full&#8220;][\/vc_column][\/vc_row][mk_page_section vertical_align=&#8220;center&#8220; bg_position=&#8220;center top&#8220; bg_repeat=&#8220;repeat-x&#8220; top_shape_color=&#8220;#1d75b1&#8243; sidebar=&#8220;sidebar-1&#8243;][vc_column][mk_padding_divider size=&#8220;60&#8243;][\/vc_column][\/mk_page_section]\n","protected":false},"excerpt":{"rendered":"<p>[mk_page_section bg_image=&#8220;https:\/\/hoerakustik-lehmann.de\/cl\/wp-content\/uploads\/2023\/05\/so.jpg&#8220; bg_position=&#8220;center center&#8220; bg_repeat=&#8220;no-repeat&#8220; bg_stretch=&#8220;true&#8220; video_color_mask=&#8220;rgba(0,0,0,0.77)&#8220; min_height=&#8220;799&#8243; skip_arrow=&#8220;true&#8220; sidebar=&#8220;sidebar-1&#8243;][vc_column][mk_padding_divider size=&#8220;321&#8243; visibility=&#8220;hidden-sm&#8220;][mk_fancy_title size=&#8220;100&#8243; line_height=&#8220;&#8220; font_family=&#8220;none&#8220;]Markenho\u0308rgera\u0308te ohne Zuzahlung! [\/mk_fancy_title][\/vc_column][\/mk_page_section][vc_row][vc_column][mk_padding_divider size=&#8220;60&#8243;][mk_fancy_title size=&#8220;40&#8243; margin_bottom=&#8220;0&#8243; font_family=&#8220;none&#8220;]H\u00f6rger\u00e4te zum Nulltarif* &#8211; Qualit\u00e4t, Komfort und ma\u00dfgeschneiderte L\u00f6sungen f\u00fcr jedes Budget[\/mk_fancy_title][mk_fancy_title size=&#8220;22&#8243; font_weight=&#8220;300&#8243; margin_bottom=&#8220;0&#8243; font_family=&#8220;none&#8220;]Bei H\u00f6rakustik Kornelia Lehmann finden Sie eine vielf\u00e4ltige Auswahl an H\u00f6rger\u00e4ten, die f\u00fcr jedes Budget geeignet sind. Unsere Mission [&hellip;]<\/p>\n","protected":false},"author":1,"featured_media":0,"parent":0,"menu_order":0,"comment_status":"closed","ping_status":"closed","template":"","meta":{"_mi_skip_tracking":false,"_monsterinsights_sitenote_active":false,"_monsterinsights_sitenote_note":"","_monsterinsights_sitenote_category":0,"footnotes":""},"class_list":["post-1023","page","type-page","status-publish","hentry"],"yoast_head":"<!-- This site is optimized with the Yoast SEO plugin v25.3.1 - https:\/\/yoast.com\/wordpress\/plugins\/seo\/ -->\n<title>Nulltarif - H\u00f6rger\u00e4te in Berlin - H\u00f6rakustik Lehmann<\/title>\n<meta name=\"robots\" content=\"index, follow, max-snippet:-1, max-image-preview:large, max-video-preview:-1\" \/>\n<link rel=\"canonical\" href=\"https:\/\/hoerakustik-lehmann.de\/cl\/nulltarif\/\" \/>\n<meta property=\"og:locale\" content=\"de_DE\" \/>\n<meta property=\"og:type\" content=\"article\" \/>\n<meta property=\"og:title\" content=\"Nulltarif - H\u00f6rger\u00e4te in Berlin - H\u00f6rakustik Lehmann\" \/>\n<meta property=\"og:description\" content=\"[mk_page_section bg_image=&#8220;https:\/\/hoerakustik-lehmann.de\/cl\/wp-content\/uploads\/2023\/05\/so.jpg&#8220; bg_position=&#8220;center center&#8220; bg_repeat=&#8220;no-repeat&#8220; bg_stretch=&#8220;true&#8220; video_color_mask=&#8220;rgba(0,0,0,0.77)&#8220; min_height=&#8220;799&#8243; skip_arrow=&#8220;true&#8220; sidebar=&#8220;sidebar-1&#8243;][vc_column][mk_padding_divider size=&#8220;321&#8243; visibility=&#8220;hidden-sm&#8220;][mk_fancy_title size=&#8220;100&#8243; line_height=&#8220;&#8220; font_family=&#8220;none&#8220;]Markenho\u0308rgera\u0308te ohne Zuzahlung! [\/mk_fancy_title][\/vc_column][\/mk_page_section][vc_row][vc_column][mk_padding_divider size=&#8220;60&#8243;][mk_fancy_title size=&#8220;40&#8243; margin_bottom=&#8220;0&#8243; font_family=&#8220;none&#8220;]H\u00f6rger\u00e4te zum Nulltarif* &#8211; Qualit\u00e4t, Komfort und ma\u00dfgeschneiderte L\u00f6sungen f\u00fcr jedes Budget[\/mk_fancy_title][mk_fancy_title size=&#8220;22&#8243; font_weight=&#8220;300&#8243; margin_bottom=&#8220;0&#8243; font_family=&#8220;none&#8220;]Bei H\u00f6rakustik Kornelia Lehmann finden Sie eine vielf\u00e4ltige Auswahl an H\u00f6rger\u00e4ten, die f\u00fcr jedes Budget geeignet sind. Unsere Mission [&hellip;]\" \/>\n<meta property=\"og:url\" content=\"https:\/\/hoerakustik-lehmann.de\/cl\/nulltarif\/\" \/>\n<meta property=\"og:site_name\" content=\"H\u00f6rger\u00e4te in Berlin - H\u00f6rakustik Lehmann\" \/>\n<meta property=\"article:modified_time\" content=\"2023-05-24T13:13:30+00:00\" \/>\n<meta name=\"twitter:card\" content=\"summary_large_image\" \/>\n<meta name=\"twitter:label1\" content=\"Gesch\u00e4tzte Lesezeit\" \/>\n\t<meta name=\"twitter:data1\" content=\"4\u00a0Minuten\" \/>\n<script type=\"application\/ld+json\" class=\"yoast-schema-graph\">{\"@context\":\"https:\/\/schema.org\",\"@graph\":[{\"@type\":\"WebPage\",\"@id\":\"https:\/\/hoerakustik-lehmann.de\/cl\/nulltarif\/\",\"url\":\"https:\/\/hoerakustik-lehmann.de\/cl\/nulltarif\/\",\"name\":\"Nulltarif - H\u00f6rger\u00e4te in Berlin - H\u00f6rakustik Lehmann\",\"isPartOf\":{\"@id\":\"https:\/\/hoerakustik-lehmann.de\/cl\/#website\"},\"datePublished\":\"2023-05-24T12:09:48+00:00\",\"dateModified\":\"2023-05-24T13:13:30+00:00\",\"breadcrumb\":{\"@id\":\"https:\/\/hoerakustik-lehmann.de\/cl\/nulltarif\/#breadcrumb\"},\"inLanguage\":\"de\",\"potentialAction\":[{\"@type\":\"ReadAction\",\"target\":[\"https:\/\/hoerakustik-lehmann.de\/cl\/nulltarif\/\"]}]},{\"@type\":\"BreadcrumbList\",\"@id\":\"https:\/\/hoerakustik-lehmann.de\/cl\/nulltarif\/#breadcrumb\",\"itemListElement\":[{\"@type\":\"ListItem\",\"position\":1,\"name\":\"Startseite\",\"item\":\"https:\/\/hoerakustik-lehmann.de\/cl\/\"},{\"@type\":\"ListItem\",\"position\":2,\"name\":\"Nulltarif\"}]},{\"@type\":\"WebSite\",\"@id\":\"https:\/\/hoerakustik-lehmann.de\/cl\/#website\",\"url\":\"https:\/\/hoerakustik-lehmann.de\/cl\/\",\"name\":\"H\u00f6rger\u00e4te in Berlin - H\u00f6rakustik Lehmann\",\"description\":\"H\u00f6r-Beratung, H\u00f6rger\u00e4te und Zubeh\u00f6r\",\"publisher\":{\"@id\":\"https:\/\/hoerakustik-lehmann.de\/cl\/#organization\"},\"potentialAction\":[{\"@type\":\"SearchAction\",\"target\":{\"@type\":\"EntryPoint\",\"urlTemplate\":\"https:\/\/hoerakustik-lehmann.de\/cl\/?s={search_term_string}\"},\"query-input\":{\"@type\":\"PropertyValueSpecification\",\"valueRequired\":true,\"valueName\":\"search_term_string\"}}],\"inLanguage\":\"de\"},{\"@type\":[\"Organization\",\"Place\",\"LocalBusiness\"],\"@id\":\"https:\/\/hoerakustik-lehmann.de\/cl\/#organization\",\"name\":\"H\u00f6rakustik Lehmann\",\"url\":\"https:\/\/hoerakustik-lehmann.de\/cl\/\",\"logo\":{\"@id\":\"https:\/\/hoerakustik-lehmann.de\/cl\/nulltarif\/#local-main-organization-logo\"},\"image\":{\"@id\":\"https:\/\/hoerakustik-lehmann.de\/cl\/nulltarif\/#local-main-organization-logo\"},\"address\":{\"@id\":\"https:\/\/hoerakustik-lehmann.de\/cl\/nulltarif\/#local-main-place-address\"},\"telephone\":[\"Tel. 030 \u2013 209 53 833\"],\"openingHoursSpecification\":[{\"@type\":\"OpeningHoursSpecification\",\"dayOfWeek\":[\"Monday\",\"Tuesday\",\"Wednesday\",\"Thursday\"],\"opens\":\"09:00\",\"closes\":\"18:00\"},{\"@type\":\"OpeningHoursSpecification\",\"dayOfWeek\":[\"Friday\"],\"opens\":\"09:00\",\"closes\":\"13:00\"},{\"@type\":\"OpeningHoursSpecification\",\"dayOfWeek\":[\"Saturday\",\"Sunday\"],\"opens\":\"00:00\",\"closes\":\"00:00\"}],\"email\":\"info@hoerakustik-lehmann.de\"},{\"@type\":\"PostalAddress\",\"@id\":\"https:\/\/hoerakustik-lehmann.de\/cl\/nulltarif\/#local-main-place-address\",\"streetAddress\":\"D\u00f6rpfeldstr. 36\",\"addressLocality\":\"Berlin\",\"postalCode\":\"12489\",\"addressCountry\":\"DE\"},{\"@type\":\"ImageObject\",\"inLanguage\":\"de\",\"@id\":\"https:\/\/hoerakustik-lehmann.de\/cl\/nulltarif\/#local-main-organization-logo\",\"url\":\"https:\/\/hoerakustik-lehmann.de\/cl\/wp-content\/uploads\/2020\/02\/logo2.png\",\"contentUrl\":\"https:\/\/hoerakustik-lehmann.de\/cl\/wp-content\/uploads\/2020\/02\/logo2.png\",\"width\":579,\"height\":181,\"caption\":\"H\u00f6rakustik Lehmann\"}]}<\/script>\n<meta name=\"geo.placename\" content=\"Berlin\" \/>\n<meta name=\"geo.region\" content=\"Deutschland\" \/>\n<!-- \/ Yoast SEO plugin. -->","yoast_head_json":{"title":"Nulltarif - H\u00f6rger\u00e4te in Berlin - H\u00f6rakustik Lehmann","robots":{"index":"index","follow":"follow","max-snippet":"max-snippet:-1","max-image-preview":"max-image-preview:large","max-video-preview":"max-video-preview:-1"},"canonical":"https:\/\/hoerakustik-lehmann.de\/cl\/nulltarif\/","og_locale":"de_DE","og_type":"article","og_title":"Nulltarif - H\u00f6rger\u00e4te in Berlin - H\u00f6rakustik Lehmann","og_description":"[mk_page_section bg_image=&#8220;https:\/\/hoerakustik-lehmann.de\/cl\/wp-content\/uploads\/2023\/05\/so.jpg&#8220; bg_position=&#8220;center center&#8220; bg_repeat=&#8220;no-repeat&#8220; bg_stretch=&#8220;true&#8220; video_color_mask=&#8220;rgba(0,0,0,0.77)&#8220; min_height=&#8220;799&#8243; skip_arrow=&#8220;true&#8220; sidebar=&#8220;sidebar-1&#8243;][vc_column][mk_padding_divider size=&#8220;321&#8243; visibility=&#8220;hidden-sm&#8220;][mk_fancy_title size=&#8220;100&#8243; line_height=&#8220;&#8220; font_family=&#8220;none&#8220;]Markenho\u0308rgera\u0308te ohne Zuzahlung! [\/mk_fancy_title][\/vc_column][\/mk_page_section][vc_row][vc_column][mk_padding_divider size=&#8220;60&#8243;][mk_fancy_title size=&#8220;40&#8243; margin_bottom=&#8220;0&#8243; font_family=&#8220;none&#8220;]H\u00f6rger\u00e4te zum Nulltarif* &#8211; Qualit\u00e4t, Komfort und ma\u00dfgeschneiderte L\u00f6sungen f\u00fcr jedes Budget[\/mk_fancy_title][mk_fancy_title size=&#8220;22&#8243; font_weight=&#8220;300&#8243; margin_bottom=&#8220;0&#8243; font_family=&#8220;none&#8220;]Bei H\u00f6rakustik Kornelia Lehmann finden Sie eine vielf\u00e4ltige Auswahl an H\u00f6rger\u00e4ten, die f\u00fcr jedes Budget geeignet sind. Unsere Mission [&hellip;]","og_url":"https:\/\/hoerakustik-lehmann.de\/cl\/nulltarif\/","og_site_name":"H\u00f6rger\u00e4te in Berlin - H\u00f6rakustik Lehmann","article_modified_time":"2023-05-24T13:13:30+00:00","twitter_card":"summary_large_image","twitter_misc":{"Gesch\u00e4tzte Lesezeit":"4\u00a0Minuten"},"schema":{"@context":"https:\/\/schema.org","@graph":[{"@type":"WebPage","@id":"https:\/\/hoerakustik-lehmann.de\/cl\/nulltarif\/","url":"https:\/\/hoerakustik-lehmann.de\/cl\/nulltarif\/","name":"Nulltarif - H\u00f6rger\u00e4te in Berlin - H\u00f6rakustik Lehmann","isPartOf":{"@id":"https:\/\/hoerakustik-lehmann.de\/cl\/#website"},"datePublished":"2023-05-24T12:09:48+00:00","dateModified":"2023-05-24T13:13:30+00:00","breadcrumb":{"@id":"https:\/\/hoerakustik-lehmann.de\/cl\/nulltarif\/#breadcrumb"},"inLanguage":"de","potentialAction":[{"@type":"ReadAction","target":["https:\/\/hoerakustik-lehmann.de\/cl\/nulltarif\/"]}]},{"@type":"BreadcrumbList","@id":"https:\/\/hoerakustik-lehmann.de\/cl\/nulltarif\/#breadcrumb","itemListElement":[{"@type":"ListItem","position":1,"name":"Startseite","item":"https:\/\/hoerakustik-lehmann.de\/cl\/"},{"@type":"ListItem","position":2,"name":"Nulltarif"}]},{"@type":"WebSite","@id":"https:\/\/hoerakustik-lehmann.de\/cl\/#website","url":"https:\/\/hoerakustik-lehmann.de\/cl\/","name":"H\u00f6rger\u00e4te in Berlin - H\u00f6rakustik Lehmann","description":"H\u00f6r-Beratung, H\u00f6rger\u00e4te und Zubeh\u00f6r","publisher":{"@id":"https:\/\/hoerakustik-lehmann.de\/cl\/#organization"},"potentialAction":[{"@type":"SearchAction","target":{"@type":"EntryPoint","urlTemplate":"https:\/\/hoerakustik-lehmann.de\/cl\/?s={search_term_string}"},"query-input":{"@type":"PropertyValueSpecification","valueRequired":true,"valueName":"search_term_string"}}],"inLanguage":"de"},{"@type":["Organization","Place","LocalBusiness"],"@id":"https:\/\/hoerakustik-lehmann.de\/cl\/#organization","name":"H\u00f6rakustik Lehmann","url":"https:\/\/hoerakustik-lehmann.de\/cl\/","logo":{"@id":"https:\/\/hoerakustik-lehmann.de\/cl\/nulltarif\/#local-main-organization-logo"},"image":{"@id":"https:\/\/hoerakustik-lehmann.de\/cl\/nulltarif\/#local-main-organization-logo"},"address":{"@id":"https:\/\/hoerakustik-lehmann.de\/cl\/nulltarif\/#local-main-place-address"},"telephone":["Tel. 030 \u2013 209 53 833"],"openingHoursSpecification":[{"@type":"OpeningHoursSpecification","dayOfWeek":["Monday","Tuesday","Wednesday","Thursday"],"opens":"09:00","closes":"18:00"},{"@type":"OpeningHoursSpecification","dayOfWeek":["Friday"],"opens":"09:00","closes":"13:00"},{"@type":"OpeningHoursSpecification","dayOfWeek":["Saturday","Sunday"],"opens":"00:00","closes":"00:00"}],"email":"info@hoerakustik-lehmann.de"},{"@type":"PostalAddress","@id":"https:\/\/hoerakustik-lehmann.de\/cl\/nulltarif\/#local-main-place-address","streetAddress":"D\u00f6rpfeldstr. 36","addressLocality":"Berlin","postalCode":"12489","addressCountry":"DE"},{"@type":"ImageObject","inLanguage":"de","@id":"https:\/\/hoerakustik-lehmann.de\/cl\/nulltarif\/#local-main-organization-logo","url":"https:\/\/hoerakustik-lehmann.de\/cl\/wp-content\/uploads\/2020\/02\/logo2.png","contentUrl":"https:\/\/hoerakustik-lehmann.de\/cl\/wp-content\/uploads\/2020\/02\/logo2.png","width":579,"height":181,"caption":"H\u00f6rakustik Lehmann"}]},"geo.placename":"Berlin","geo.region":"Deutschland"},"_links":{"self":[{"href":"https:\/\/hoerakustik-lehmann.de\/cl\/wp-json\/wp\/v2\/pages\/1023"}],"collection":[{"href":"https:\/\/hoerakustik-lehmann.de\/cl\/wp-json\/wp\/v2\/pages"}],"about":[{"href":"https:\/\/hoerakustik-lehmann.de\/cl\/wp-json\/wp\/v2\/types\/page"}],"author":[{"embeddable":true,"href":"https:\/\/hoerakustik-lehmann.de\/cl\/wp-json\/wp\/v2\/users\/1"}],"replies":[{"embeddable":true,"href":"https:\/\/hoerakustik-lehmann.de\/cl\/wp-json\/wp\/v2\/comments?post=1023"}],"version-history":[{"count":13,"href":"https:\/\/hoerakustik-lehmann.de\/cl\/wp-json\/wp\/v2\/pages\/1023\/revisions"}],"predecessor-version":[{"id":1042,"href":"https:\/\/hoerakustik-lehmann.de\/cl\/wp-json\/wp\/v2\/pages\/1023\/revisions\/1042"}],"wp:attachment":[{"href":"https:\/\/hoerakustik-lehmann.de\/cl\/wp-json\/wp\/v2\/media?parent=1023"}],"curies":[{"name":"wp","href":"https:\/\/api.w.org\/{rel}","templated":true}]}}